{"id":3719,"date":"2021-04-06T11:11:36","date_gmt":"2021-04-06T11:11:36","guid":{"rendered":"http:\/\/localhost:8080\/wordpress\/?page_id=3719"},"modified":"2026-03-31T07:34:16","modified_gmt":"2026-03-31T07:34:16","slug":"projekte-nderkombetare","status":"publish","type":"page","link":"http:\/\/uogj.edu.al\/old\/projekte-nderkombetare\/","title":{"rendered":"Thirrje per staf dhe studente"},"content":{"rendered":"\n<p class=\"has-medium-font-size\"><a href=\"https:\/\/uogj.edu.al\/upload\/thirrje\/Thirrje%20Spanje%20mars%202026.pdf\">Hapet thirrja p\u00ebr pjes\u00ebmarrje n\u00eb Programin Erasmus+ me IES Abastos, Spanj\u00eb.<\/a><\/p>\n\n\n\n<p class=\"has-medium-font-size\"><a href=\"https:\/\/uogj.edu.al\/upload\/thirrje\/Call%20for%20applications%20IES%20Lluis%20Simarro%20mars%202026.pdf\">Hapet thirrja p\u00ebr pjes\u00ebmarrje n\u00eb Programin Erasmus+ me IES Dr. Lluis Simarro, Spanj\u00eb.<\/a><\/p>\n\n\n\n<p class=\"has-medium-font-size\"><a href=\"https:\/\/uogj.edu.al\/upload\/thirrje\/Thirrje%20Spanje%20shkurt%202026.pdf\">Hapet thirrja p\u00ebr pjes\u00ebmarrje n\u00eb Programin Erasmus+ me IES ABASTOS dhe IES Dr. Lluis Simarro, Spanj\u00eb.<\/a><\/p>\n\n\n\n<p class=\"has-medium-font-size\"><a href=\"https:\/\/uogj.edu.al\/upload\/thirrje\/Thirrje%20Molise%20Staf%202025.pdf\">Thirrje p\u00ebr aplikime p\u00ebr burs\u00eb mobiliteti p\u00ebr m\u00ebsimdh\u00ebnie p\u00ebr stafin e programit t\u00eb studimit Bachelor n\u00eb \u201cMenaxhim i Turizmit t\u00eb Q\u00ebndruesh\u00ebm\u201d n\u00eb kuad\u00ebr t\u00eb Programit Erasmus+<\/a><\/p>\n\n\n\n<p class=\"has-medium-font-size\"><a href=\"https:\/\/uogj.edu.al\/upload\/thirrje\/Thirrje%20Molise%20Student%C3%AB%202025.pdf\">Thirrje p\u00ebr aplikime p\u00ebr burs\u00eb mobiliteti p\u00ebr m\u00ebsim p\u00ebr student\u00ebt e programit t\u00eb studimit Bachelor n\u00eb \u201cMenaxhim i Turizmit t\u00eb Q\u00ebndruesh\u00ebm\u201d<\/a><\/p>\n\n\n\n<p class=\"has-medium-font-size\"><a href=\"https:\/\/uogj.edu.al\/upload\/thirrje\/Thirrje%20Poloni%20Student%C3%AB%202025.pdf\">Thirrje p\u00ebr aplikime p\u00ebr burs\u00eb mobiliteti p\u00ebr student\u00ebt<\/a><\/p>\n\n\n\n<p class=\"has-medium-font-size\"><a href=\"https:\/\/uogj.edu.al\/upload\/thirrje\/Thirrje%20Letonia%202025.pdf\">Hapet thirrja p\u00ebr pjes\u00ebmarrje n\u00eb Programin Erasmus+ me Universitetin Daugavpils, Letoni.<\/a><\/p>\n\n\n\n<p class=\"has-medium-font-size\"><a href=\"https:\/\/uogj.edu.al\/upload\/thirrje\/Thirrje%20Columbus%20Academy%202025.pdf\">Hapet thirrja p\u00ebr pjes\u00ebmarrje n\u00eb Programin Erasmus+ me Akademin\u00eb Columbus, Itali<\/a><\/p>\n\n\n\n<p style=\"font-size:20px\"><a href=\"https:\/\/uogj.edu.al\/upload\/thirrje\/Thirrje%20Janin%C3%AB%202025.pdf\">Hapet thirrja p\u00ebr pjes\u00ebmarrje n\u00eb Programin Erasmus+ me Universitetin e Janin\u00ebs, Greqi.<\/a><\/p>\n\n\n\n<p class=\"has-medium-font-size\"><a href=\"https:\/\/uogj.edu.al\/upload\/thirrje\/Thirrje%20Letoni%202025.pdf\">Hapet thirrja p\u00ebr pjes\u00ebmarrje n\u00eb Programin Erasmus+ me Universitetin Daugavpils, Letoni.<\/a><\/p>\n\n\n\n<p class=\"has-medium-font-size\"><a href=\"https:\/\/uogj.edu.al\/upload\/thirrje\/Thirrje%20Kret%C3%AB%2007.2025.pdf\">Hapet thirrja p\u00ebr pjes\u00ebmarrje n\u00eb Programin Erasmus+ n\u00eb Universitetin Mesdhetar t\u00eb Kret\u00ebs.<\/a><\/p>\n\n\n\n<p class=\"has-medium-font-size\"><a href=\"https:\/\/uogj.edu.al\/upload\/thirrje\/Thirrje%20Salento%2007.2025.pdf\">Thirrje p\u00ebr burs\u00eb studimi p\u00ebr student\u00eb n\u00eb kuad\u00ebr t\u00eb Programit \u201cErasmus +\u201d p\u00ebr komponentin KA171 International Credit Mobility.(SALENTO)<\/a><\/p>\n\n\n\n<p class=\"has-medium-font-size\"><a href=\"https:\/\/uogj.edu.al\/upload\/thirrje\/Thirrje_Molise_prill_2025.pdf\">Thirrje p\u00ebr aplikime p\u00ebr burs\u00eb mobiliteti p\u00ebr studim p\u00ebr student\u00ebt e programit t\u00eb studimit Bachelor n\u00eb \u201cMenaxhim i Turizmit t\u00eb Q\u00ebndruesh\u00ebm\u201d n\u00eb kuad\u00ebr t\u00eb Programit Erasmus +.<\/a><\/p>\n\n\n\n<p class=\"has-medium-font-size\"><a href=\"https:\/\/uogj.edu.al\/upload\/thirrje\/Call%20Poloni%202025.pdf\">Hapet thirrja p\u00ebr pjes\u00ebmarrje n\u00eb Jav\u00ebn Nd\u00ebrkomb\u00ebtare t\u00eb organizuar nga&nbsp; Universiteti Goluchowski, Poloni n\u00eb kuad\u00ebr t\u00eb programit Erasmus+<\/a>.<\/p>\n\n\n\n<p class=\"has-medium-font-size\"><a href=\"https:\/\/uogj.edu.al\/upload\/thirrje\/Thirrje%20Alikante%202025.pdf\">Hapet thirrja p\u00ebr pjes\u00ebmarrje n\u00eb Programin Erasmus+ me partneritetin CCI24, Spanj\u00eb.<\/a><\/p>\n\n\n\n<p class=\"has-medium-font-size\"><a href=\"https:\/\/uogj.edu.al\/upload\/thirrje\/Thirrje%20studente%20POLONI%202025.pdf\">Hapet thirrja p\u00ebr pjes\u00ebmarrje n\u00eb Programin Erasmus+ me Universitetin Goluchowski, Poloni.<\/a><\/p>\n\n\n\n<p class=\"has-medium-font-size\"><a href=\"https:\/\/uogj.edu.al\/upload\/thirrje\/ITCON%20Malaga%202025.pdf\">Hapet thirrja p\u00ebr pjes\u00ebmarrje n\u00eb Programin Erasmus+ me partneritetin ITCON, Spanj\u00eb.<\/a><\/p>\n\n\n\n<p class=\"has-medium-font-size\"><a href=\"https:\/\/uogj.edu.al\/upload\/thirrje\/SIMARRO%202025.pdf\">Hapet thirrja p\u00ebr pjes\u00ebmarrje n\u00eb Programin Erasmus+ me partneritetin SIMARRO, Spanj\u00eb.<\/a><\/p>\n\n\n\n<p class=\"has-medium-font-size\"><a href=\"https:\/\/uogj.edu.al\/upload\/thirrje\/INTERCON,%20Spanj%C3%AB%2005-2025%20.pdf\">Hapet thirrja p\u00ebr pjes\u00ebmarrje n\u00eb Programin Erasmus+ me partneritetin INTERCON, Spanj\u00eb.<\/a><\/p>\n\n\n\n<p class=\"has-medium-font-size\"><a href=\"https:\/\/uogj.edu.al\/upload\/thirrje\/Thirrje%20Feb%202025%20(O%20Porrino,%20Spanj%C3%AB).pdf\">Hapet thirrja p\u00ebr pjes\u00ebmarrje n\u00eb Programin Erasmus+ me partneritetin COMMERCE, O\u2019Porrino, Spanj\u00eb<\/a><\/p>\n\n\n\n<p class=\"has-medium-font-size\"><a href=\"https:\/\/uogj.edu.al\/upload\/thirrje\/Thirrja%20Selanik%202025.pdf\">Hapet thirrja p\u00ebr pjes\u00ebmarrje n\u00eb aktivitetet e organizuara nga Universiteti Aristotle t\u00eb Selanikut Greqi.<\/a><\/p>\n\n\n\n<p class=\"has-medium-font-size\"><a href=\"https:\/\/uogj.edu.al\/upload\/thirrje\/Thirrje%20Spanj%C3%AB%20Mestre%20Mateo%20Art%202024%20.pdf\">Hapet thirrja p\u00ebr shk\u00ebmbim stafi n\u00eb kuad\u00ebr t\u00eb Programit Erasmus+ me institucionin arsimor Mestre Mateo Art &amp; Design School.<\/a><\/p>\n\n\n\n<p class=\"has-medium-font-size\"><a href=\"https:\/\/uogj.edu.al\/upload\/thirrje\/Thirrje%20Student%C3%AB%20CARTES.pdf\">Hapet thirrja p\u00ebr pjes\u00ebmarrje n\u00eb Programin Erasmus+ me partneritetin CARTES, Spanj\u00eb<\/a><\/p>\n\n\n\n<p class=\"has-medium-font-size\"><a href=\"https:\/\/uogj.edu.al\/upload\/thirrje\/INTERVAL%20SPAIN%202024.pdf\">Hapet thirrja p\u00ebr pjes\u00ebmarrje n\u00eb Programin Erasmus+ me partneritetin INTERVAL, Spanj\u00eb.<\/a><\/p>\n\n\n\n<p class=\"has-medium-font-size\"><a href=\"https:\/\/www.uogj.edu.al\/upload\/thirrje\/Thirrje_Staf_Kret%C3%AB%202024.pdf\">Hapet thirrja p\u00ebr shk\u00ebmbim stafi n\u00eb kuad\u00ebr t\u00eb Programit Erasmus+ n\u00eb Universitetin Mesdhetar t\u00eb Kret\u00ebs.<\/a><\/p>\n\n\n\n<p class=\"has-medium-font-size\"><a href=\"https:\/\/www.uogj.edu.al\/upload\/thirrje\/Thirrje_Studente_Kret%C3%AB%202024.pdf\">Hapet thirrja p\u00ebr shk\u00ebmbim student\u00ebsh n\u00eb kuad\u00ebr t\u00eb Programit Erasmus+ n\u00eb Universitetin Mesdhetar t\u00eb Kret\u00ebs.<\/a><\/p>\n\n\n\n<p class=\"has-medium-font-size\"><a href=\"https:\/\/www.uogj.edu.al\/upload\/thirrje\/Thirrje%20Spanj%C3%AB%20Student%C3%AB%202024.pdf\">Hapet thirrja p\u00ebr pjes\u00ebmarrje n\u00eb Programin Erasmus+ me partneritetin INTERCON, Spanj\u00eb<\/a><\/p>\n\n\n\n<p class=\"has-medium-font-size\"><a href=\"https:\/\/uogj.edu.al\/upload\/thirrje\/Thirrje%20CCI23%20Spanj%C3%AB%202024.pdf\">Hapet thirrja p\u00ebr pjes\u00ebmarrje n\u00eb Programin Erasmus+ me partneritetin CCI23, Spanj\u00eb.<\/a><\/p>\n\n\n\n<p class=\"has-medium-font-size\"><a href=\"https:\/\/uogj.edu.al\/upload\/thirrje\/Thirrje%20Cartes%20Spanj%C3%AB%202024.pdf\">Hapet thirrja p\u00ebr pjes\u00ebmarrje n\u00eb Programin Erasmus+ me partneritetin CARTES, Spanj\u00eb.<\/a><\/p>\n\n\n\n<p class=\"has-medium-font-size\"><a href=\"https:\/\/uogj.edu.al\/upload\/thirrje\/Thirrje%20Ambasada%20Amerikane%20Fulbright%202024.pdf\">Hapet thirrja p\u00ebr pjes\u00ebmarrje n\u00eb Programin Fulbright Visiting Scholar Program 2025 \u2013 2026.<\/a><\/p>\n\n\n\n<p class=\"has-medium-font-size\"><a href=\"https:\/\/www.uogj.edu.al\/upload\/thirrje\/Thirrje%20Doktorature%202024.pdf\">Hapet thirrja p\u00ebr aplikime p\u00ebr burs\u00eb p\u00ebr student\u00ebt e doktoratur\u00ebs dhe doktorant\u00ebt n\u00eb Ballkanin Per\u00ebndimor<\/a><\/p>\n\n\n\n<p class=\"has-medium-font-size\"><a href=\"https:\/\/www.uogj.edu.al\/upload\/thirrje\/Thirrje%20INTERCON%20Spanje%202024.pdf\">Hapet thirrja p\u00ebr pjes\u00ebmarrje n\u00eb Programin Erasmus+ me partneritetin INTERCON, Spanj\u00eb.<\/a><\/p>\n\n\n\n<p class=\"has-medium-font-size\"><a href=\"https:\/\/www.uogj.edu.al\/upload\/thirrje\/Call%20Salento%202024.pdf\">Thirrje p\u00ebr burs\u00eb studimi p\u00ebr student\u00eb n\u00eb kuad\u00ebr t\u00eb Programit \u201cErasmus +\u201d p\u00ebr komponentin KA171 International Credit Mobility.<\/a><\/p>\n\n\n\n<p class=\"has-medium-font-size\"><strong>Hapet thirrja p\u00ebr aplikime n\u00eb kuad\u00ebr t\u00eb programit OeAD<\/strong><\/p>\n\n\n\n<p class=\"has-medium-font-size\"><strong>Hapet thirrja p\u00ebr aplikime p\u00ebr pjes\u00ebmarrje n\u00eb Jav\u00ebn Nd\u00ebrkomb\u00ebtare t\u00eb organizuar nga Universiteti i Kret\u00ebs, Greqi<\/strong><\/p>\n\n\n\n<p class=\"has-medium-font-size\"><strong>Hapet thirrja p\u00ebr pjes\u00ebmarrje n\u00eb Programin Erasmus+ n\u00eb IES Ribeira Do Louro<\/strong><\/p>\n\n\n\n<p class=\"has-medium-font-size\"><strong>Hapet thirrja p\u00ebr pjes\u00ebmarrje n\u00eb Programin Erasmus+ me Universitetin Aristotle t\u00eb Selanikut.<\/strong><\/p>\n\n\n\n<p class=\"has-medium-font-size\"><strong>Hapet thirrja p\u00ebr pjes\u00ebmarrje n\u00eb Programin Erasmus+ me Universitetin e Kret\u00ebs. Hapet thirrja p\u00ebr mobilitet n\u00eb kuad\u00ebr t\u00eb programit Al-NURECC PLUS<\/strong><\/p>\n\n\n\n<p class=\"has-medium-font-size\"><strong>Hapet thirrja p\u00ebr pjes\u00ebmarrje n\u00eb Programin Erasmus+ me Universitetin e Salentos, Itali<\/strong><\/p>\n\n\n\n<p><strong>Hapet thirrja p\u00ebr aplikime p\u00ebr pjes\u00ebmarrje n\u00eb aktivitetet e organizuara nga Universiteti i Kret\u00ebs, Greqi<\/strong><\/p>\n\n\n\n<p><strong>Hapet thirrje p\u00ebr pjes\u00ebmarrje n\u00eb Programin Erasmus+ me partneritetin CARTES, Spanj\u00eb<\/strong><\/p>\n\n\n\n<p><strong>Hapet thirrje p\u00ebr pjes\u00ebmarrje n\u00eb Programin Erasmus+ me<\/strong><strong> <\/strong><strong>partneritetin ITCON, Spanj\u00eb <\/strong><strong><\/strong><\/p>\n\n\n\n<p><strong>Hapet thirrja p\u00ebr pjes\u00ebmarrje n\u00eb takime informuese online<\/strong><\/p>\n\n\n\n<p><strong>Hapet thirrja p\u00ebr aplikime p\u00ebr EUDAT Summer School 2023 n\u00eb Kajaani, Finland\u00eb&nbsp;<\/strong><\/p>\n\n\n\n<p><strong>Hapet thirrja p\u00ebr aplikime p\u00ebr studime n\u00eb Universitetet Franceze<\/strong><\/p>\n\n\n\n<p><strong>Hapet thirja p\u00ebr aplikime p\u00ebr studime n\u00eb Universitetin La Verne, Kaliforni<\/strong><\/p>\n\n\n\n<p><strong>Hapet thirrja p\u00ebr pjes\u00ebmarrje n\u00eb shkoll\u00ebn verore n\u00eb Universitetin e Prishtin\u00ebs<\/strong><\/p>\n\n\n\n<p><strong>Hapet thirrja p\u00ebr aplikime p\u00ebr studime n\u00eb United Nations Institute for Training and Research<\/strong><\/p>\n\n\n\n<p><strong>Hapet thirrja p\u00ebr propozime p\u00ebr materiale m\u00ebsimore p\u00ebr Shkoll\u00ebn Verore Nd\u00ebrkomb\u00ebtare Cif, Ferrol, Spanj\u00eb<\/strong><\/p>\n\n\n\n<p><strong>Hapen thirrjet p\u00ebr aplikime n\u00eb kuad\u00ebr t\u00eb thirrjes &#8220;B\u00ebhu Lider Dixhital&#8221;<\/strong><\/p>\n\n\n\n<p><strong>V\u00ebnie n\u00eb dijeni dhe k\u00ebrkes\u00eb p\u00ebr bashk\u00ebpunim p\u00ebr pilotimin e moduleve t\u00eb trajnimit n\u00eb kuad\u00ebr t\u00eb projektit Entral<\/strong><\/p>\n\n\n\n<p><strong>Hapet thirrja p\u00ebr aplikime me Universitetin e Kret\u00ebs p\u00ebr student\u00eb dhe staf akademik t\u00eb Departamentit t\u00eb Gjuh\u00ebs, Let\u00ebrsis<\/strong><strong>\u00eb <\/strong><strong>dhe Civilizimit Grek dhe Departamentit t\u00eb Edukimit dhe Metodologjis\u00eb s\u00eb M\u00ebsimdh\u00ebnies<\/strong><strong>&nbsp;&nbsp;&nbsp;&nbsp;&nbsp;&nbsp;&nbsp;&nbsp;&nbsp;&nbsp;&nbsp;&nbsp;&nbsp;&nbsp;<\/strong><\/p>\n\n\n\n<p><strong>Hapet thirrja p\u00ebr pjes\u00ebmarrje n\u00eb shkoll\u00ebn verore t\u00eb Vjen\u00ebs<\/strong><\/p>\n\n\n\n<p><strong>Hapet thirrja p\u00ebr aplikime me Universitetin e Kret\u00ebs p\u00ebr staf akademik p\u00ebr m\u00ebsimdh\u00ebnie&nbsp;&nbsp;&nbsp;&nbsp;&nbsp;&nbsp;<\/strong><\/p>\n\n\n\n<p><strong>Hapet thirrja p\u00ebr aplikime me institucionet arsimore t\u00eb Spanj\u00ebs p\u00ebr student\u00ebt e Departamentit t\u00eb Matematik\u00ebs, Informatik\u00ebs dhe Fizik\u00ebs p\u00ebr nj\u00eb periudh\u00eb studimi 3-mujore&nbsp;&nbsp;&nbsp;&nbsp;&nbsp;&nbsp;&nbsp;<\/strong><\/p>\n\n\n\n<p><strong>Hapet thirrja p\u00ebr bursa studimi n\u00eb Universitetin Politeknik Marche Ankona, Itali p\u00ebr vitin akademik 2021-2022<\/strong><\/p>\n\n\n\n<p><strong>Hapet thirrja p\u00ebr aplikime me institucionin Shkoll\u00eb e Lart\u00eb t\u00eb Konservimit dhe Restaurimit t\u00eb Veprave Kulturore, Madrid, Spanj\u00eb p\u00ebr staf akademik spedialist\u00eb n\u00eb fush\u00ebn e restaurimit t\u00eb veprave arkeologjike&nbsp;&nbsp;&nbsp;&nbsp;&nbsp;&nbsp;&nbsp;&nbsp;&nbsp;&nbsp;&nbsp;<\/strong><\/p>\n\n\n\n<p><strong>Hapet thirrja p\u00ebr aplikime me institucionin IES Ribeira do Luoro t\u00eb Spanj\u00ebs p\u00ebr student\u00ebt e Fakultetit Ekonomik p\u00ebr periudh\u00ebn tetor \u2013 dhjetor 2022&nbsp;&nbsp;&nbsp;&nbsp;&nbsp;&nbsp;&nbsp;&nbsp;&nbsp;<\/strong><\/p>\n\n\n\n<p><strong>Hapet thirrja p\u00ebr aplikime me Universitetin e Perugas, Itali p\u00ebr student\u00ebt e Departamentit t\u00eb Gjuh\u00ebve t\u00eb Huaja (Gjuh\u00eb Italiane)&nbsp;&nbsp;&nbsp;&nbsp;&nbsp;&nbsp;&nbsp;&nbsp;&nbsp;&nbsp;<\/strong><\/p>\n\n\n\n<p><strong>Hapet thirrja p\u00ebr aplikime me Universitetin e Kret\u00ebs, Greqi p\u00ebr student\u00ebt e Departamentit t\u00eb Infermieris\u00eb s\u00eb P\u00ebrgjithshme&nbsp;<\/strong><\/p>\n\n\n\n<p><strong>Hapet thirrja p\u00ebr aplikime me institucionin IES Ribeira do Luoro t\u00eb Spanj\u00ebs p\u00ebr staf akademik&nbsp;&nbsp;&nbsp;&nbsp;&nbsp;&nbsp;&nbsp;&nbsp;&nbsp;&nbsp;<\/strong><\/p>\n\n\n\n<p><strong>Hapet thirrja p\u00ebr aplikime me institucionin IES Ribeira do Luoro t\u00eb Spanj\u00ebs p\u00ebr staf administrativ p\u00ebr nj\u00eb periudh\u00eb 10-ditore&nbsp;&nbsp;&nbsp;<\/strong><\/p>\n\n\n\n<p><strong>Hapet thirrja p\u00ebr aplikime me Universitetin e Macerat\u00ebs, Itali p\u00ebr staf akademik dhe teknik&nbsp; p\u00ebr specialist n\u00eb fush\u00ebn e menaxhimit t\u00eb trash\u00ebgimis\u00eb kulturore&nbsp;&nbsp;&nbsp;&nbsp;&nbsp;&nbsp;&nbsp;&nbsp;&nbsp;&nbsp;&nbsp;&nbsp;&nbsp;&nbsp;&nbsp;&nbsp;&nbsp;&nbsp;&nbsp;&nbsp;&nbsp;<\/strong><\/p>\n\n\n\n<p><strong>Hapet thirrja p\u00ebr aplikime me institucionin IES Ribeira do Luoro t\u00eb Spanj\u00ebs p\u00ebr staf akademik t\u00eb Fakultetit Ekonomik t\u00eb cil\u00ebt do t\u00eb angazhohen p\u00ebr trajnim p\u00ebr periudh\u00ebn 18-22 prill 2022&nbsp;&nbsp;&nbsp;&nbsp;&nbsp;<\/strong><\/p>\n\n\n\n<p><strong>Hapet thirrja p\u00ebr aplikime me institucionin IES Ribeira do Luoro t\u00eb Spanj\u00ebs p\u00ebr student\u00ebt e Fakultetit Ekonomik p\u00ebr periudh\u00ebn mars &#8211; qershor 2022&nbsp;&nbsp;&nbsp;&nbsp;&nbsp;&nbsp;&nbsp;&nbsp;&nbsp;&nbsp;&nbsp;<\/strong><\/p>\n\n\n\n<p><strong>Hapet thirrja p\u00ebr aplikime me Universitetin e Janin\u00ebs, Greqi p\u00ebr student\u00eb dhe staf akademik t\u00eb Departamentit t\u00eb Gjuh\u00ebs, Let\u00ebrsis<\/strong><strong>\u00eb <\/strong><strong>dhe Civilizimit Grek dhe Departamentit t\u00eb Edukimit dhe Metodologjis\u00eb s\u00eb M\u00ebsimdh\u00ebnies<\/strong><strong>&nbsp;<\/strong><\/p>\n\n\n\n<p><strong>Hapet thirrje p\u00ebr pjes\u00ebmarrje n\u00eb shkoll\u00ebn verore t\u00eb Vien\u00ebs&nbsp;&nbsp;&nbsp;&nbsp;&nbsp;&nbsp;&nbsp;&nbsp;&nbsp;<\/strong><\/p>\n\n\n\n<p><strong>Hapet thirrja p\u00ebr aplikime n\u00eb kuad\u00ebr t\u00eb programit OeAD&nbsp;<\/strong><\/p>\n\n\n\n<p><strong>Hapet thirrja p\u00ebr aplikime n\u00eb kuad\u00ebr t\u00eb programit GLOBAL UGRADE<\/strong><\/p>\n\n\n\n<p><strong>Hapet thirrja p\u00ebr bursat shtet\u00ebrore \u201cStipendium Hungaricum\u201d p\u00ebr shtetasit e huaj, t\u00eb cil\u00ebt d\u00ebshirojn\u00eb t\u00eb ndjekin studimet pran\u00eb Universiteteve publike t\u00eb Hungaris\u00eb.<\/strong><\/p>\n\n\n\n<p><strong>Hapet thirrja p\u00ebr pjes\u00ebmarrje n\u00eb trajnimet e organizuara nga Universiteti i Granad\u00ebs n\u00eb kuad\u00ebr t\u00eb projektit TECOMP<\/strong><\/p>\n\n\n\n<p><strong>Hapet thirrja p\u00ebr aplikim p\u00ebr bursa studimi t\u00eb cikleve master dhe doktoratur\u00eb n\u00eb Universitetin Mohamed Bin Zayes t\u00eb Inteligjenc\u00ebs Artificiale<\/strong><\/p>\n\n\n\n<p><strong>Hapet thirrja p\u00ebr aplikime me Universitetin e Molises, Itali p\u00ebr student\u00ebt e Departamentit t\u00eb Politikave Ekonomike dhe Turizmit p\u00ebr studime, staf akademik p\u00ebr m\u00ebsimdh\u00ebnie dhe trajnim.&nbsp;&nbsp;&nbsp;<\/strong><\/p>\n\n\n\n<p><strong>Hapet thirrja p\u00ebr aplikime me Universitetin e Kret\u00ebs p\u00ebr student\u00eb p\u00ebr trajnim p\u00ebr nj\u00eb periudh\u00eb 5-mujore&nbsp;&nbsp;&nbsp;&nbsp;&nbsp;&nbsp;&nbsp;&nbsp;&nbsp;&nbsp;&nbsp;&nbsp;&nbsp;&nbsp;<\/strong><\/p>\n\n\n\n<p><strong>Hapet thirrja p\u00ebr pjes\u00ebmarrje p\u00ebr student\u00ebt e gjuh\u00ebs angleze n\u00eb programin e financuar nga Ambasada Amerikane dhe implementuar nga Kryqi i Kuq Shqiptar<\/strong><\/p>\n\n\n\n<p><strong>Hapet thirrja p\u00ebr aplikime me Universitetin Aristotele, Selanik, Greqi p\u00ebr staf akademik nga FESHSH, FE dhe FSHN, p\u00ebr m\u00ebsimdh\u00ebnie dhe trajnim<\/strong><\/p>\n\n\n\n<p><strong>Hapet thirrja p\u00ebr aplikime me institucionin IES Ribeira do Luoro t\u00eb Spanj\u00ebs p\u00ebr student\u00ebt e Fakultetit Ekonomik p\u00ebr nj\u00eb periudh\u00eb 3-mujore&nbsp;&nbsp;&nbsp;&nbsp; &nbsp;<\/strong><\/p>\n\n\n\n<p><strong>Hapet thirrja p\u00ebr aplikime me Universitetin e Trakis\u00eb, Turqi p\u00ebr student dhe staf akademik nga Departamenti&nbsp; i Gjuh\u00ebs Shqipe, Departamenti i Let\u00ebrsis\u00eb, Departamenti i Gjuh\u00ebs Greke dhe Departamenti i Gjuh\u00ebs Angleze.&nbsp;&nbsp;&nbsp;&nbsp;&nbsp;&nbsp;&nbsp;&nbsp;&nbsp;&nbsp;&nbsp;&nbsp;&nbsp;<\/strong><\/p>\n\n\n\n<p><strong>Hapet thirrja p\u00ebr aplikime me Universitetin e Maqedonis\u00eb Per\u00ebndimore, Greqi p\u00ebr staf akademik nga FESHSH dhe FSHN.&nbsp;&nbsp;&nbsp;&nbsp;&nbsp;&nbsp;&nbsp;&nbsp;&nbsp;&nbsp;&nbsp;&nbsp;&nbsp;<\/strong><\/p>\n\n\n\n<p><strong>Hapet thirrja p\u00ebr aplikime me Universitetin e Qipros, Greqi p\u00ebr staf akademik dhe administrativ nga FESHSH dhe FE.&nbsp;&nbsp;&nbsp;&nbsp;&nbsp;&nbsp;&nbsp;&nbsp;&nbsp;&nbsp;&nbsp;&nbsp;&nbsp;<\/strong><\/p>\n\n\n\n<p>Per me teper klikoni :  http:\/\/uogj.edu.al\/njoftime-te-ndryshme\/<\/p>\n\n\n\n<p class=\"has-text-align-center\"><a href=\"http:\/\/uogj.edu.al\/njoftime-te-ndryshme\/\" target=\"_blank\" rel=\"noreferrer noopener\">Njoftime te ndryshme<\/a><\/p>\n","protected":false},"excerpt":{"rendered":"<p>Hapet thirrja p\u00ebr pjes\u00ebmarrje n\u00eb Programin Erasmus+ me IES Abastos, Spanj\u00eb. Hapet thirrja p\u00ebr pjes\u00ebmarrje n\u00eb Programin Erasmus+ me IES [&hellip;]<\/p>\n","protected":false},"author":1,"featured_media":0,"parent":0,"menu_order":0,"comment_status":"closed","ping_status":"closed","template":"","meta":{"_monsterinsights_skip_tracking":false,"_monsterinsights_sitenote_active":false,"_monsterinsights_sitenote_note":"","_monsterinsights_sitenote_category":0,"footnotes":""},"class_list":["post-3719","page","type-page","status-publish","hentry"],"_links":{"self":[{"href":"http:\/\/uogj.edu.al\/old\/wp-json\/wp\/v2\/pages\/3719"}],"collection":[{"href":"http:\/\/uogj.edu.al\/old\/wp-json\/wp\/v2\/pages"}],"about":[{"href":"http:\/\/uogj.edu.al\/old\/wp-json\/wp\/v2\/types\/page"}],"author":[{"embeddable":true,"href":"http:\/\/uogj.edu.al\/old\/wp-json\/wp\/v2\/users\/1"}],"replies":[{"embeddable":true,"href":"http:\/\/uogj.edu.al\/old\/wp-json\/wp\/v2\/comments?post=3719"}],"version-history":[{"count":41,"href":"http:\/\/uogj.edu.al\/old\/wp-json\/wp\/v2\/pages\/3719\/revisions"}],"predecessor-version":[{"id":7043,"href":"http:\/\/uogj.edu.al\/old\/wp-json\/wp\/v2\/pages\/3719\/revisions\/7043"}],"wp:attachment":[{"href":"http:\/\/uogj.edu.al\/old\/wp-json\/wp\/v2\/media?parent=3719"}],"curies":[{"name":"wp","href":"https:\/\/api.w.org\/{rel}","templated":true}]}}