{"id":3722,"date":"2021-04-06T11:15:24","date_gmt":"2021-04-06T11:15:24","guid":{"rendered":"http:\/\/localhost:8080\/wordpress\/?page_id=3722"},"modified":"2024-11-21T09:47:11","modified_gmt":"2024-11-21T09:47:11","slug":"mobilitete-erasmus","status":"publish","type":"page","link":"http:\/\/uogj.edu.al\/old\/mobilitete-erasmus\/","title":{"rendered":"Mobilitete ERASMUS+"},"content":{"rendered":"\n<br>\n\n\n\n<p class=\"has-text-align-center has-large-font-size\"><a href=\"https:\/\/uogj.edu.al\/upload\/aktivitetet\/Erasmus%20Charter%20for%20Higher%20Education.pdf\">Erasmus Chater for Higher Education<\/a><\/p>\n\n\n\n<figure class=\"wp-block-image size-full\"><a href=\"https:\/\/uogj.edu.al\/upload\/aktivitetet\/Erasmus%20Charter%20for%20Higher%20Education.pdf\"><img loading=\"lazy\" decoding=\"async\" width=\"810\" height=\"527\" src=\"https:\/\/uogj.edu.al\/old\/wp-content\/uploads\/2024\/08\/erasmus-charter-for-higher-education.jpg\" alt=\"\" class=\"wp-image-6682\"\/><\/a><\/figure>\n\n\n\n<p>Rreth programit Erasmus +<\/p>\n\n\n\n<p>Erasmus+ \u00ebsht\u00eb nj\u00eb program i Bashkimit Evropian (BE) q\u00eb mb\u00ebshtet financiarisht nj\u00eb s\u00ebr\u00eb veprimtarish n\u00eb fushat e Arsimit, Trajnimit, Rinis\u00eb dhe Sportit p\u00ebr periudh\u00ebn 2014-2020. Erasmus + ngrihet mbi p\u00ebrvoj\u00ebn dhe suksesin e programeve t\u00eb m\u00ebparshme arsimore t\u00eb BE-s\u00eb (Tempus, Erasmus Mundus, Alfa, Edulink etj) dhe mb\u00ebshtet shk\u00ebmbimet nd\u00ebrkomb\u00ebtare t\u00eb student\u00ebve, stafeve akademike dhe administrative, qarkullimin e praktikave m\u00eb t\u00eb mira midis institucioneve t\u00eb arsimit t\u00eb lart\u00eb dhe forcimin e lidhjeve midis arsimit dhe tregut t\u00eb pun\u00ebs.<\/p>\n\n\n\n<p>Bashk\u00ebpunimi me vendet partnere mb\u00ebshtetetet n\u00ebp\u00ebrmjet:<\/p>\n\n\n\n<ol style=\"list-style-type:1\" class=\"wp-block-list\">\n<li><strong>KA1<\/strong>-\u201c<em>Mobiliteti i t\u00eb nx\u00ebnit<\/em>\u201d p\u00ebrfshin shk\u00ebmbimin e student\u00ebve, lektor\u00ebve dhe stafit<\/li>\n<\/ol>\n\n\n\n<p>administrativ nga dhe n\u00eb vendet partnere. P\u00ebrfaq\u00ebson rreth 63% t\u00eb buxhetit total t\u00eb programit.<br>a) Mobiliteti i Krediteve &#8211; N\u00eb fush\u00ebn e mobilitetit t\u00eb krediteve, Institucionet e Arsimit t\u00eb Lart\u00eb nga vendet e programit do t\u00eb aplikojn\u00eb p\u00ebr menaxhimin e projekteve t\u00eb mobilitetit t\u00eb student\u00ebve, pedagog\u00ebve dhe stafit administrativ t\u00eb universiteteve.<br>b)Shk\u00ebmbimet p\u00ebr mastera t\u00eb p\u00ebrbashk\u00ebta &#8211; Programi mb\u00ebshtet nd\u00ebrtimin e konsorciumeve q\u00eb ofrojn\u00eb programe Masteri t\u00eb P\u00ebrbashk\u00ebt Evropian\u00eb, me koh\u00eb t\u00eb plot\u00eb q\u00eb zgjasin nj\u00eb ose dy vite.<\/p>\n\n\n\n<ul class=\"wp-block-list\">\n<li><strong>KA2<\/strong>\u2013 \u201c<em>Bashk\u00ebpunimi p\u00ebr inovacionin dhe shk\u00ebmbimin e praktikave t\u00eb mira<\/em>\u201d. P\u00ebrfshin<\/li>\n<\/ul>\n\n\n\n<p>bashk\u00ebpunimin p\u00ebr inovacioin dhe shk\u00ebmbimin e praktikave t\u00eb mira midis institucioneve arsimore dhe nd\u00ebrmarrjeve private e aktor\u00ebve t\u00eb tjer\u00eb, rritjen e kapaciteteve n\u00eb vendet e paindustiralizuara (ish-projektet Tempus). P\u00ebrfaq\u00ebson rreth 28 % t\u00eb buxhetit total.<br>a)&nbsp;<strong>Projektet p\u00ebr ngritjen e kapaciteteve n\u00eb arsimin e lart\u00eb<\/strong>&nbsp;mb\u00ebshtesin modernizimin, aksesin dhe nd\u00ebrkomb\u00ebtarizimin e universiteteve n\u00eb vendet partnere.<br>Projektet ndahen n\u00eb:&nbsp;<strong>Projekte t\u00eb p\u00ebrbashk\u00ebta&nbsp;<\/strong>p\u00ebr mb\u00ebshtetjen e institucioneve t\u00eb arsimit t\u00eb lart\u00eb n\u00eb vendet partnere, t\u00eb modernizojn\u00eb metodat e m\u00ebsimdh\u00ebnies, t\u00eb krijojn\u00eb programe t\u00eb reja studimi ose t\u00eb p\u00ebrmir\u00ebsojn\u00eb programet ekzistuese duke i harmonizuar me ato t\u00eb vendeve t\u00eb zhvilluara t\u00eb BE-s\u00eb.&nbsp;<strong>Projekte Strukturore<\/strong>&nbsp;p\u00ebr mb\u00ebshtetjen e zhvillimit dhe reformimit t\u00eb institucioneve dhe sistemit t\u00eb arsimit t\u00eb lart\u00eb n\u00eb vendet partnere. Ministrit\u00eb e Arsimit jan\u00eb partner i detyruesh\u00ebm n\u00eb projektet strukturore.<\/p>\n\n\n\n<ul class=\"wp-block-list\">\n<li><strong>Aktivitetet e Jean Monnet<\/strong>&nbsp;mb\u00ebshtesin dhe promovojn\u00eb thellimin e njohurive rreth<\/li>\n<\/ul>\n\n\n\n<p>\u00e7\u00ebshtjevet\u00eb integrimit evropian, m\u00ebsimdh\u00ebnies dhe k\u00ebrkimin mbi historin\u00eb, politikat, ekonomin\u00eb, marr\u00ebdh\u00ebniet nd\u00ebrkomb\u00ebtare dhe legjislacionin e Bashkimit Evropian. Universitetet shqiptare mund t\u00eb aplikojn\u00eb p\u00ebr modulet Jean Monnet (kurse me koh\u00eb t\u00eb shkurt\u00ebr n\u00eb fush\u00ebn e Integrimit Evropian, minimalisht 40 klasa p\u00ebr nj\u00eb vit akademik), p\u00ebr Jean Monnet p\u00ebr Lektor\u00ebt (vende vakante p\u00ebr pedagog\u00ebt e specializuar n\u00eb fush\u00ebn e Studimeve t\u00eb Integrimit Evropian, me nj\u00eb minimum prej 90 klasash p\u00ebr nj\u00eb vit akademik) ose p\u00ebr projektet Jean Monnet (aktivitete promovuese p\u00ebr \u00e7\u00ebshtje t\u00eb Integrimit Evropian, program trajnimi etj.)<\/p>\n\n\n\n<p class=\"has-text-align-center\"><strong><a rel=\"noreferrer noopener\" href=\"http:\/\/uogj.edu.al\/upload\/aktivitetet\/E1.65%20Guida%20Erasmus.pdf\" target=\"_blank\">Guida Erasmus<\/a><\/strong><\/p>\n\n\n\n<br>\n\n\n\n<p class=\"has-text-align-center\"><strong><a href=\"http:\/\/www.uogj.edu.al\/upload\/Projekti%20TEAVET.pdf\">Projekti TEAVET<\/a><\/strong><\/p>\n\n\n<div class=\"wp-block-image\">\n<figure class=\"aligncenter size-large is-resized\"><a href=\"http:\/\/www.uogj.edu.al\/upload\/Projekti%20TEAVET.pdf\"><img loading=\"lazy\" decoding=\"async\" width=\"627\" height=\"337\" src=\"https:\/\/uogj.edu.al\/wp-content\/uploads\/2021\/05\/image.png\" alt=\"\" class=\"wp-image-5148\" style=\"width:417px;height:225px\"\/><\/a><figcaption class=\"wp-element-caption\">P<a href=\"http:\/\/www.uogj.edu.al\/upload\/Projekti%20TEAVET.pdf\" target=\"_blank\" rel=\"noreferrer noopener\">rojekti TEAVET<\/a><\/figcaption><\/figure><\/div>\n\n\n<br>\n\n\n\n<p class=\"has-text-align-center\"><a href=\"http:\/\/www.tecomp.ni.ac.rs\/\" target=\"_blank\" rel=\"noreferrer noopener\">http:\/\/www.tecomp.ni.ac.rs\/<\/a><\/p>\n\n\n<div class=\"wp-block-image\">\n<figure class=\"aligncenter size-large is-resized\"><a href=\"http:\/\/www.tecomp.ni.ac.rs\/\"><img loading=\"lazy\" decoding=\"async\" width=\"641\" height=\"467\" src=\"https:\/\/uogj.edu.al\/wp-content\/uploads\/2022\/10\/Tecomp.jpg\" alt=\"\" class=\"wp-image-6003\" style=\"width:513px;height:374px\"\/><\/a><figcaption class=\"wp-element-caption\"><a href=\"http:\/\/www.tecomp.ni.ac.rs\/\" target=\"_blank\" rel=\"noreferrer noopener\">http:\/\/www.tecomp.ni.ac.rs\/<\/a><\/figcaption><\/figure><\/div>\n\n\n<br>\n\n\n<div class=\"wp-block-image\">\n<figure class=\"aligncenter size-large\"><img loading=\"lazy\" decoding=\"async\" width=\"303\" height=\"315\" src=\"http:\/\/uogj.edu.al\/wp-content\/uploads\/2022\/01\/entral.jpg\" alt=\"\" class=\"wp-image-5689\"\/><figcaption class=\"wp-element-caption\"><a rel=\"noreferrer noopener\" href=\"https:\/\/www.uogj.edu.al\/upload\/aktivitetet\/Procesi%20Akreditimit%20Trajnimit%20Entral.pdf\" target=\"_blank\">Procesi Akreditimit Trajnimit Entral<\/a><br><br><a rel=\"noreferrer noopener\" href=\"https:\/\/uogj.edu.al\/upload\/aktivitetet\/Certifikat%C3%AB%20Entral.pdf\" target=\"_blank\">Certifikat\u00eb Entral<\/a><br><br><a rel=\"noreferrer noopener\" href=\"https:\/\/uogj.edu.al\/upload\/aktivitetet\/Axhenda%20Piloting%20Phase.pdf\" target=\"_blank\">Axhenda Piloting Phase<\/a><\/figcaption><\/figure><\/div>\n\n\n<br>\n\n\n\n<p class=\"has-text-align-center\"><a href=\"https:\/\/www.uogj.edu.al\/upload\/aktivitetet\/List%20of%20participants%2012%20Dec.pdf\">List of participants 12 Dec<\/a> &nbsp;&nbsp;&nbsp;&nbsp;&nbsp;dhe&nbsp;&nbsp;&nbsp;&nbsp;&nbsp;&nbsp;&nbsp;&nbsp;&nbsp;&nbsp;&nbsp; &nbsp;&nbsp;&nbsp;<a href=\"https:\/\/uogj.edu.al\/upload\/aktivitetet\/List%20of%20Participants%2013%20Dec.pdf\">List of Participants 13 Dec<\/a><\/p>\n\n\n\n<p>&nbsp;&nbsp;&nbsp;&nbsp;&nbsp;&nbsp;&nbsp;&nbsp;&nbsp;&nbsp;&nbsp;&nbsp; Dissemination links per fazen pilotuese<\/p>\n\n\n\n<p>Dita e pare facebook: <a href=\"https:\/\/www.facebook.com\/100035320284422\/posts\/pfbid02DT3y55cjxohyKDfqNuv9bXiTngdFSyHQ3BXQzpDhTrcYChdGsE4LagYJFbvfmhCal\/?d=w&amp;mibextid=qC1gEa\">https:\/\/www.facebook.com\/100035320284422\/posts\/pfbid02DT3y55cjxohyKDfqNuv9bXiTngdFSyHQ3BXQzpDhTrcYChdGsE4LagYJFbvfmhCal\/?d=w&amp;mibextid=qC1gEa<\/a><\/p>\n\n\n\n<p>Dita e pare Instagram:&nbsp;<a href=\"https:\/\/emea01.safelinks.protection.outlook.com\/?url=https%3A%2F%2Fwww.instagram.com%2Fp%2FCmEbof1sqJR%2F%3Figshid%3DOWZlYjUyNWM%3D&amp;data=05%7C01%7C%7Cdff31d6d2da84d1335ae08daf6246370%7C84df9e7fe9f640afb435aaaaaaaaaaaa%7C1%7C0%7C638092933394259641%7CUnknown%7CTWFpbGZsb3d8eyJWIjoiMC4wLjAwMDAiLCJQIjoiV2luMzIiLCJBTiI6Ik1haWwiLCJXVCI6Mn0%3D%7C3000%7C%7C%7C&amp;sdata=ZgfjeONoI5o79fsHdXIzoXlG680jnp9NqAZwfiNcfQQ%3D&amp;reserved=0\" target=\"_blank\" rel=\"noreferrer noopener\">https:\/\/www.instagram.com\/p\/CmEbof1sqJR\/?igshid=OWZlYjUyNWM=<\/a><\/p>\n\n\n\n<p>Dita e dyt\u00eb facebook:<\/p>\n\n\n\n<p><a href=\"https:\/\/www.facebook.com\/100035320284422\/posts\/pfbid02MMBvok1W9kcaC8ANrTacUe8SD9oDVd7TpsvGWRcxbrLekysEW5CCQv4hDb9nWQntl\/?d=w&amp;mibextid=qC1gEa\">https:\/\/www.facebook.com\/100035320284422\/posts\/pfbid02MMBvok1W9kcaC8ANrTacUe8SD9oDVd7TpsvGWRcxbrLekysEW5CCQv4hDb9nWQntl\/?d=w&amp;mibextid=qC1gEa<\/a><\/p>\n\n\n\n<p>Dita e dyt\u00eb Instagram: &nbsp;<a href=\"https:\/\/emea01.safelinks.protection.outlook.com\/?url=https%3A%2F%2Fwww.instagram.com%2Fp%2FCmHS8XcsT9J%2F%3Figshid%3DOWZlYjUyNWM%3D&amp;data=05%7C01%7C%7Cdff31d6d2da84d1335ae08daf6246370%7C84df9e7fe9f640afb435aaaaaaaaaaaa%7C1%7C0%7C638092933394259641%7CUnknown%7CTWFpbGZsb3d8eyJWIjoiMC4wLjAwMDAiLCJQIjoiV2luMzIiLCJBTiI6Ik1haWwiLCJXVCI6Mn0%3D%7C3000%7C%7C%7C&amp;sdata=5CZovdOBgTevVSBTax%2Fgd96sjc0uYLQAtcAiBI6D0j0%3D&amp;reserved=0\" target=\"_blank\" rel=\"noreferrer noopener\">https:\/\/www.instagram.com\/p\/CmHS8XcsT9J\/?igshid=OWZlYjUyNWM=<\/a><\/p>\n\n\n\n<p class=\"has-text-align-left\">RTSH dita e par\u00eb:<a rel=\"noreferrer noopener\" href=\"https:\/\/emea01.safelinks.protection.outlook.com\/?url=https%3A%2F%2Fyoutu.be%2FB0w244PEFlY&amp;data=05%7C01%7C%7Cdff31d6d2da84d1335ae08daf6246370%7C84df9e7fe9f640afb435aaaaaaaaaaaa%7C1%7C0%7C638092933394259641%7CUnknown%7CTWFpbGZsb3d8eyJWIjoiMC4wLjAwMDAiLCJQIjoiV2luMzIiLCJBTiI6Ik1haWwiLCJXVCI6Mn0%3D%7C3000%7C%7C%7C&amp;sdata=fcdo72VS8X6P%2BgNCHOh4xyuLwKoIllaxrikJNuFucMY%3D&amp;reserved=0\" target=\"_blank\">\u201cDREJT SIP\u00cbRMARRJES\u201d, TRAJNIM N\u00cb UNIVERSITETIN \u201cE \u00c7ABEJ\u201d<\/a><\/p>\n\n\n\n<p class=\"has-text-align-center\">RTSH dita e dyt\u00eb:&nbsp;&nbsp;&nbsp;&nbsp;&nbsp; <a href=\"https:\/\/emea01.safelinks.protection.outlook.com\/?url=https%3A%2F%2Fyoutu.be%2F5md4paQEHIA&amp;data=05%7C01%7C%7Cdff31d6d2da84d1335ae08daf6246370%7C84df9e7fe9f640afb435aaaaaaaaaaaa%7C1%7C0%7C638092933394259641%7CUnknown%7CTWFpbGZsb3d8eyJWIjoiMC4wLjAwMDAiLCJQIjoiV2luMzIiLCJBTiI6Ik1haWwiLCJXVCI6Mn0%3D%7C3000%7C%7C%7C&amp;sdata=vbRlZR3qtI%2F8DXITtrG9EUkSOqbmdjA9vtiiEDB6TO8%3D&amp;reserved=0\" target=\"_blank\" rel=\"noreferrer noopener\">PROJEKTI ENTRAL<\/a><\/p>\n\n\n\n<br>\n\n\n<div class=\"wp-block-image\">\n<figure class=\"aligncenter size-large\"><a href=\"https:\/\/bkstoneproject.com\/projects\/\"><img loading=\"lazy\" decoding=\"async\" width=\"474\" height=\"260\" src=\"https:\/\/uogj.edu.al\/wp-content\/uploads\/2021\/07\/image.png\" alt=\"\" class=\"wp-image-5396\"\/><\/a><\/figure><\/div>\n\n\n<p class=\"has-text-align-center\"><strong><a rel=\"noreferrer noopener\" href=\"https:\/\/uogj.edu.al\/upload\/BKSTONE%20projekt%20Erasmus.pdf\" target=\"_blank\">BKSTONE projekt Erasmus +<\/a><\/strong><\/p>\n\n\n\n<p><strong>Linku i projektit:<\/strong> <a href=\"https:\/\/bkstoneproject.com\/projects\/\">https:\/\/bkstoneproject.com\/projects\/<\/a><\/p>\n\n\n\n<br>\n\n\n\n<h1 class=\"wp-block-heading\">Projekti QUADIC<\/h1>\n\n\n\n<p>Aktivitetet me te fundit te <a href=\"http:\/\/quadic.net\/\"><strong>QUADIC<\/strong><\/a><\/p>\n\n\n\n<figure class=\"wp-block-image size-large is-resized\"><a href=\"http:\/\/quadic.net\/ \"><img loading=\"lazy\" decoding=\"async\" width=\"652\" height=\"266\" src=\"https:\/\/uogj.edu.al\/wp-content\/uploads\/2021\/10\/image-7.png\" alt=\"\" class=\"wp-image-5556\" style=\"width:827px;height:337px\"\/><\/a><figcaption class=\"wp-element-caption\"><br><a href=\"http:\/\/quadic.net\/\">http:\/\/quadic.net\/<\/a><\/figcaption><\/figure>\n\n\n\n<p>Takim n\u00eb kuad\u00ebr t\u00eb projektit QUADIC<\/p>\n\n\n\n<p><a href=\"https:\/\/www.uogj.edu.al\/upload\/aktivitetet\/Takimi%20n%C3%AB%20Gjakov%C3%AB%20,%20n%C3%AB%20kuad%C3%ABr%20t%C3%AB%20projektit%20QUADIC.pdf\" target=\"_blank\" rel=\"noreferrer noopener\">N\u00eb kuad\u00ebr t\u00eb&nbsp;projektit&nbsp;<strong>QUADIC&nbsp;<\/strong>  (<strong>Quality Development of International Cooperation and project management)&nbsp;<\/strong>      me koordinator Universitetin \u201cKadri Zeka\u201d, Gjilan, Kosov\u00eb, n\u00eb Universitetin &nbsp;\u201cFehmi Agani\u201d, Gjakov\u00eb &nbsp;nga dt 29 mars deri n\u00eb 1 prill.      Takimi n\u00eb kuadrin e QUADIC&nbsp; n\u00eb Gjakov\u00eb, kishte n\u00eb axhend\u00ebn e punimeve trajtimin e planit t\u00eb sigurimit t\u00eb cil\u00ebsis\u00eb dhe anekseve p\u00ebrkat\u00ebse (Quality assurance plan and annexes W.P.8.). T\u00eb gjith\u00eb partneret prezantuan dhe diskutuan mbi realizimin e objektivave t\u00eb k\u00ebsaj pakete pune. Q\u00ebllimi i projektit \u00ebsht\u00eb krijimi dhe zhvillimi i kat\u00ebrmb\u00ebdhjet\u00eb zyrave plot\u00ebsisht funksionale t\u00eb bashk\u00ebpunimit nd\u00ebrkomb\u00ebtar q\u00eb do t\u00eb p\u00ebrfshijn\u00eb edhe funksionin e menaxhimit&nbsp; t\u00eb projekteve. Per me teper&#8230;.<\/a><\/p>\n\n\n\n<p><strong>Takimi n\u00eb kuadrin e projektit QUADIC, zhvilluar ne Universitetin \u201cKadri Zeka\u201d , Gjilan<\/strong><\/p>\n\n\n\n<p><a href=\"https:\/\/www.uogj.edu.al\/upload\/aktivitetet\/web%2003.2023%20QUADIC.pdf\" target=\"_blank\" rel=\"noreferrer noopener\"><strong><em>QUADIC<\/em><\/strong> \u00ebsht\u00eb project I Erasmus + CBHE (Capacity building of higher education), ngritje kapacitetesh t\u00eb institucioneve t\u00eb arsimit t\u00eb lart\u00eb.&nbsp; Projekti filloi n\u00eb vitin 2020 dhe do t\u00eb p\u00ebrfundoj\u00eb&nbsp; n\u00eb shtator 2023. N\u00eb vijim t\u00eb plan-aktiviteteve, gjat\u00eb dit\u00ebve&nbsp; 26 shkurt deri 2 mars n\u00eb Universitetin \u201cKadri Zeka\u201d t\u00eb Gjilanit, Kosov\u00eb, u zhvillua trajnimi prej partner\u00ebve europian\u00eb (Universiteti \u201cCote d\u2019Azur \u201d( Nis\u00eb) dhe Peruxhia (Itali), &nbsp;mbi nxitjen&nbsp; e bashk\u00ebpunimit nd\u00ebrkomb\u00ebtare dhe mobiliteteve. Per me teper klikoni&#8230;<\/a><\/p>\n\n\n\n<p>Trajnime n\u00eb kuadrin e projektit QUADIC<\/p>\n\n\n\n<p>Projekti QUADIC vazhdon realizimin e plan aktiviteteve gjat\u00eb vitit t\u00eb trete t\u00eb jet\u00ebs s\u00eb tij. N\u00eb datat 20-23 Tetor 2022 n\u00eb Universitetetin \u201cIsa Boletini\u201d dhe International&nbsp; Business College t\u00eb Mitrovic\u00ebs u zhvilluan&nbsp; trajnime mbi nd\u00ebrkomb\u00ebtarizimin dhe menaxhimin e projekteve.&nbsp; Nd\u00ebr tematikat e trajnimit ishin: Nd\u00ebrkomb\u00ebtarizimi, nj\u00eb axhend\u00eb transformuese p\u00ebr edukimin n\u00eb IAl\u201d. \u201cNd\u00ebrkomb\u00ebtarizimi dhe curikulat\u201d. Nga politikat kombetare dhe&nbsp; institucionale drejt praktikave nd\u00ebrkomb\u00ebtare. \u201cCase Study\u201d ishte nj\u00eb c\u00ebshtje tjet\u00ebr e&nbsp; r\u00ebnd\u00ebsishme q\u00eb u trajtua gjat\u00eb dit\u00ebve te trajnimit, si nj\u00eb nd\u00ebr&nbsp; produktet&nbsp; e projektit.&nbsp;<\/p>\n\n\n\n<p><a href=\"https:\/\/www.uogj.edu.al\/upload\/aktivitetet\/takimi%20QUADIC%202022.pdf\" target=\"_blank\" rel=\"noreferrer noopener\"><strong>Foto te aktiviteteve&nbsp;&nbsp;&nbsp;&nbsp; tetor nentor 2022&nbsp;&nbsp;&nbsp;&nbsp;&nbsp;&nbsp; &nbsp;<\/strong><\/a><\/p>\n\n\n\n<p>Trajimi I radh\u00ebs vijoi n\u00eb Universitetetin e Prishtin\u00ebs, N\u00eb HEIMERER COLLEGE dhe UBT (Prishtin\u00eb) gjat\u00eb periudh\u00ebs 4 ditore 21-24 n\u00ebntor 2022. Tematikat q\u00eb u b\u00ebn\u00eb pjes\u00eb e trajnimit ishin : \u201cSi t\u00eb p\u00ebrballemi me sfidat e nd\u00ebrkomb\u00ebtarizimit, rasti i Universitetit t\u00eb Prishtin\u00ebs\u201d , \u201cRoli i Zyr\u00ebs s\u00eb Marr\u00ebdh\u00ebnieve me Jasht\u00eb n\u00eb koordinimin e bashk\u00ebpunimit nd\u00ebrkomb\u00ebtar\u201d, \u201cR\u00ebnd\u00ebsia e an\u00ebtar\u00ebsimit n\u00eb organizata dhe shoqata universitare nd\u00ebrkomb\u00ebtare\u201d, \u201cNd\u00ebrkomb\u00ebtarizimi: Rasti i Kolegjit Heimerer\u201d, etj. Dit\u00eb e fundit e trajnimit u zhvillua n\u00eb UBT COLLEGE mbi platformat trajnimit p\u00ebr mobilitetet, menaxhimin e projekteve dhe bashk\u00ebpunimin nd\u00ebrkomb\u00ebtar. Kjo platforme si nj\u00eb product i r\u00ebnd\u00ebsish\u00ebm i projektit do te aplikohet n\u00eb t\u00eb gjith\u00eb an\u00ebtar\u00ebt e konsorciumit, si&nbsp; nj\u00eb platfom\u00eb online q\u00eb do te p\u00ebrmbaj\u00eb statistikat zyrtare mbi c\u00ebshtjet e m\u00ebsip\u00ebrme. Kjo platform vjen si nj\u00eb mekaniz\u00ebm I duhur n\u00eb informimin e pal\u00ebve t\u00eb interesuar per nd\u00ebrkomb\u00ebtarizimin (informacion mbi mobilitetet, aplikime p\u00ebr KA1, statistika mbi student\u00ebt &nbsp;dhe stafin akademic t\u00eb p\u00ebrfshir\u00eb n\u00eb programet e mobilitetit (outgoing) dhe si dhe t\u00eb ardhur (incoming) nga universitetet partnere ne kuarin e programeve KA1 Erasmus +, aplikime p\u00ebr KA2, etj).<\/p>\n\n\n\n<p class=\"has-text-align-center\"><strong><a rel=\"noreferrer noopener\" href=\"http:\/\/www.uogj.edu.al\/upload\/aktivitetet\/takimet%20ne%20kuadrin%20e%20projektit%20Quadic.pdf\" target=\"_blank\">Takime n\u00eb kuadrin e projektit QUADIC, Erasmus +<\/a><\/strong><\/p>\n\n\n\n<p><a href=\"http:\/\/www.uogj.edu.al\/upload\/aktivitetet\/takimet%20ne%20kuadrin%20e%20projektit%20Quadic.pdf\" target=\"_blank\" rel=\"noreferrer noopener\">N\u00eb kuadrin e projektit QUADIC, jan\u00eb organizuar dy vizita studimore gjat\u00eb muajit maj : n\u00eb Universitetin e Lubljan\u00ebs ( Slloveni), ne Fakultetin bioteknologjik n\u00eb datat 7-11\/06\/2022 , i cili i parapriu takimit t\u00eb zhvilluar n\u00eb Universitetin Cote d\u2019Azur n\u00eb Nice (Franc\u00eb) gjat\u00eb periudhes 26\/06\/22&nbsp; &#8211; 1\/07\/22. Universiteti\u201dEqrem Cabej\u201d \u00ebsht\u00eb partner i konsorciumit t\u00eb projektit.   klikoni p\u00ebr me tep\u00ebr&#8230;<\/a><\/p>\n\n\n\n<p class=\"has-text-align-center\">Takim n\u00eb kuadrin e projektit \u201c QUADIC\u201d<\/p>\n\n\n\n<p><a href=\"http:\/\/uogj.edu.al\/upload\/aktivitetet\/Takim%20per%20projektin%20Quadic.pdf\" target=\"_blank\" rel=\"noreferrer noopener\">N\u00eb Universitetin Teknik m\u00eb t\u00eb madh n\u00eb Bullgari me q\u00ebnd\u00ebr n\u00eb Sofje, m\u00eb 29 mars u zhvillua&nbsp;&nbsp; takimi&nbsp; tre ditor,&nbsp; n\u00eb kuad\u00ebr t\u00eb projektit QUADIC, projekt i financuar&nbsp; nga programi i BE-s\u00eb Erasmus +. N\u00eb k\u00ebt\u00eb takim mor\u00ebn pjes\u00eb Universiteti p\u00ebr t\u00eb huajt I Perugias (Italy), Universiteti I Lubjan\u00ebs (Slloveni), I Nis\u00ebs(Franc\u00eb),&nbsp; universitetet publike t\u00eb Kosov\u00ebs dhe disa universitete nga Shqip\u00ebria,&nbsp; ku UGJ-s\u00eb \u00ebsht\u00eb &nbsp;nj\u00eb nga 18 partner\u00ebt e k\u00ebtij konsorciumi . Nj\u00eb nd\u00ebr pikat kyce q\u00eb u diskutuan n\u00eb k\u00ebt\u00eb vizit\u00eb studimore ishte &nbsp;rritja e kapaciteteve t\u00eb bashk\u00ebpunimit rajonal, &nbsp;n\u00ebp\u00ebrmjet krijimit t\u00eb platform\u00ebs &nbsp;s\u00eb&nbsp; shoqat\u00ebs \u201cRECON\u201d (Regional Cooperation Network). Partner\u00ebt diskutuan dhe sugjeruan mendime dhe ide mbi &nbsp;misionin, vizionin, struktur\u00ebn dhe rolin e &nbsp;\u201cRECON\u201d. klikoni p\u00ebr me tep\u00ebr&#8230;.<\/a><\/p>\n\n\n\n<p class=\"has-text-align-center\"><a rel=\"noreferrer noopener\" href=\"http:\/\/www.uogj.edu.al\/upload\/aktivitetet\/takimi%20QUADIC.pdf\" target=\"_blank\">P\u00ebrfaq\u00ebsues t\u00eb UGJ-s\u00eb pjes\u00ebmarr\u00ebs n\u00eb vizit\u00ebn studimore n\u00eb Itali e mbajtur n\u00eb kuad\u00ebr t\u00eb<br>projektit QUADIC (Shkurt 2022)<br>N\u00eb Universitetin per Stranieri di Perugia n\u00eb Itali \u00ebsht\u00eb mbajtur vizita studimore n\u00eb kuad\u00ebr t\u00eb projektit<br>QUADIC per me teper&#8230;<\/a><\/p>\n\n\n\n<p>N\u00eb kuad\u00ebr t\u00eb projektit Erasmus +&nbsp;&nbsp;\u201cQuality Development of International Cooperation and Project Management\u201dQUADIC ,&nbsp;n\u00eb Universitetin \u201cAleksand\u00ebr Moisiu\u201d, Durr\u00ebs n\u00eb datat 7-10 Qershor 2021 &nbsp;u zhvillua trajnimi p\u00ebr shkrimin e projekteve n\u00ebn Paket\u00ebn 2 t\u00eb pun\u00ebs (WP2). Pjes\u00eb e k\u00ebtij trajnimi nga UGJ, ishin Zv\/Rektori p\u00ebr K\u00ebrkimin Shkencor (Kodinatori institucional I projektit) dhe p\u00ebrgjegj\u00ebsja e zyr\u00ebs s\u00eb kurikulave &nbsp;dhe standarteve. Gjat\u00eb trajnimit partner\u00ebt t\u00eb ndar\u00eb n\u00eb grupe pune p\u00ebrgatit\u00ebn 4(kat\u00ebr) projekte, t\u00eb cilat do t\u00eb propozohen n\u00eb muajin Shtator, kur zyra e Erasmus + do t\u00eb shpall\u00eb &nbsp;thirrjet p\u00ebr aplikime n\u00eb projekte KA2, &nbsp;p\u00ebr ngritje kapacitetesh institucionale.&nbsp;<\/p>\n\n\n\n<figure class=\"wp-block-image size-large is-resized\"><img loading=\"lazy\" decoding=\"async\" width=\"350\" height=\"252\" src=\"https:\/\/uogj.edu.al\/wp-content\/uploads\/2021\/10\/image-8.png\" alt=\"\" class=\"wp-image-5558\" style=\"width:512px;height:369px\"\/><\/figure>\n\n\n\n<figure class=\"wp-block-image size-large is-resized\"><img loading=\"lazy\" decoding=\"async\" width=\"631\" height=\"199\" src=\"https:\/\/uogj.edu.al\/wp-content\/uploads\/2021\/10\/image-9.png\" alt=\"\" class=\"wp-image-5559\" style=\"width:812px;height:256px\"\/><\/figure>\n\n\n\n<p class=\"has-text-align-center\"><strong><a href=\"http:\/\/www.uogj.edu.al\/upload\/Implementimi%20i%20QUADIC%20.pdf\">Ecuria e projektit QUADIC<\/a><\/strong><\/p>\n\n\n\n<p class=\"has-text-align-center\"><strong>Projekti EntrAl CBHE<\/strong><\/p>\n\n\n<div class=\"wp-block-image\">\n<figure class=\"aligncenter size-large is-resized\"><a href=\"http:\/\/uogj.edu.al\/upload\/aktivitetet\/N%C3%AB%20kuad%C3%ABr%20t%C3%AB%20projektit%20EntrAl%20CBHE%20Erasmus.pdf\"><img loading=\"lazy\" decoding=\"async\" width=\"628\" height=\"472\" src=\"https:\/\/uogj.edu.al\/wp-content\/uploads\/2021\/11\/image.png\" alt=\"\" class=\"wp-image-5643\" style=\"width:490px;height:368px\"\/><\/a><figcaption class=\"wp-element-caption\"><a href=\"http:\/\/uogj.edu.al\/upload\/aktivitetet\/N%C3%AB%20kuad%C3%ABr%20t%C3%AB%20projektit%20EntrAl%20CBHE%20Erasmus.pdf\" target=\"_blank\" rel=\"noreferrer noopener\">http:\/\/uogj.edu.al\/upload\/aktivitetet\/N%C3%AB%20kuad%C3%ABr%20t%C3%AB%20projektit%20EntrAl%20CBHE%20Erasmus.pdf<\/a><\/figcaption><\/figure><\/div>\n\n\n<p><a rel=\"noreferrer noopener\" href=\"http:\/\/uogj.edu.al\/upload\/aktivitetet\/N%C3%AB%20kuad%C3%ABr%20t%C3%AB%20projektit%20EntrAl%20CBHE%20Erasmus.pdf\" target=\"_blank\">N\u00eb kuad\u00ebr t\u00eb projektit EntrAl CBHE Erasmus+,&nbsp;<strong>ne periudhen 9-11 \/11 2021<\/strong>, p\u00ebrfaq\u00ebsues nga Universiteti \u201cEqrem Cabej\u201d mor\u00ebn pjes\u00eb n\u00eb trajnimin 3-ditor n\u00eb Kampin e Inovacionit t\u00eb Universitetit t\u00eb Turku-t, Finland\u00eb, se bashku me universitete partnere shqiptare dhe ato&nbsp; partnere europiane.<\/a> <strong><a href=\"http:\/\/uogj.edu.al\/upload\/aktivitetet\/N%C3%AB%20kuad%C3%ABr%20t%C3%AB%20projektit%20EntrAl%20CBHE%20Erasmus.pdf\">klikoni per me teper<\/a><\/strong><\/p>\n\n\n\n<p>Rektori i Universitetit \u201cE. Cabej \u201c Prof.Dr. Bektash Mema &nbsp;n\u00eb nj\u00eb intervist\u00eb p\u00ebr Mediat .<\/p>\n\n\n\n<p>N\u00eb qend\u00ebr t\u00eb k\u00ebsaj interviste jan\u00eb Marr\u00ebdheniet Nd\u00ebrkombetare t\u00eb Universitetit t\u00eb &nbsp;Gjirokastr\u00ebs &nbsp;si element i rend\u00ebsish\u00ebm p\u00ebr rritjen cil\u00ebsore sipas standarteve&nbsp;&nbsp; bashk\u00ebkohore t\u00eb programeve t\u00eb studimit si dhe nd\u00ebrkomb\u00ebtarizimi&nbsp;&nbsp; i Titujve t\u00eb studimit !<\/p>\n\n\n\n<p>Universiteti i Gjirokastres ka sot nj\u00eb num\u00ebr t\u00eb konsiderueshem marr\u00ebveshjesh bashk\u00ebpunimi me universitetet europiane dhe ato &nbsp;rajonale si dhe mobilitetet gjithmon\u00eb&nbsp;&nbsp;n\u00eb &nbsp;rritje &nbsp; n\u00eb kuad\u00ebr t\u00eb Programit Erasmus + .<\/p>\n\n\n\n<div class=\"wp-block-media-text alignwide is-stacked-on-mobile\"><figure class=\"wp-block-media-text__media\"><img decoding=\"async\" src=\"https:\/\/uogj.edu.al\/wp-content\/uploads\/2019\/12\/image-9.png\" alt=\"\" class=\"wp-image-857 size-full\"\/><\/figure><div class=\"wp-block-media-text__content\">\n<p class=\"has-text-align-center\">P\u00ebr me shume ndiqni intervisten.<\/p>\n\n\n\n<p class=\"has-text-align-center\"><a target=\"_blank\" href=\"https:\/\/www.youtube.com\/watch?v=hoLns2FuYj0&amp;feature=youtu.be\" rel=\"noopener\"><strong>Intervist\u00eb p\u00ebr Mediat<\/strong><\/a><\/p>\n<\/div><\/div>\n\n\n\n<p class=\"has-text-align-left\"><\/p>\n\n\n\n<p>Hapet thirrja p\u00ebr pjes\u00ebmarrje n\u00eb Programin Erasmus+ me Universitetin e Kret\u00ebs<\/p>\n\n\n\n<p class=\"has-text-align-center\"><strong>&nbsp;&nbsp;&nbsp;<a href=\"https:\/\/uogj.edu.al\/upload\/Thirrje%20Krete%2002.2023.pdf\" target=\"_blank\" rel=\"noreferrer noopener\">Thirrja Erasmus + ne Kret\u00eb&nbsp;<\/a><\/strong><\/p>\n\n\n\n<p>Hapet thirrja p\u00ebr pjes\u00ebmarrje n\u00eb Programin Erasmus+ me Universitetin e Kret\u00ebs<\/p>\n\n\n\n<p class=\"has-text-align-center\"><strong>&nbsp;&nbsp;&nbsp;<a href=\"https:\/\/uogj.edu.al\/upload\/THIRRJE%20Krete%2007.11.2022.pdf\" target=\"_blank\" rel=\"noreferrer noopener\">Thirrja Erasmus + ne Kret\u00eb&nbsp;<\/a><\/strong><\/p>\n\n\n\n<p class=\"has-text-align-center\">Hapet thirrja p\u00ebr pjes\u00ebmarrje student n\u00eb Programin Erasmus + &nbsp;me Institucionet Arsimore te Spanjes:       &nbsp;&nbsp;&nbsp;&nbsp;&nbsp;&nbsp;&nbsp;&nbsp;&nbsp;&nbsp;&nbsp;&nbsp;&nbsp;&nbsp;&nbsp;&nbsp;&nbsp;&nbsp;&nbsp; &nbsp;&nbsp;<strong><a rel=\"noreferrer noopener\" href=\"https:\/\/uogj.edu.al\/upload\/THIRRJE%20SPANJE%2007.11.2022.pdf\" target=\"_blank\">Thirrja Erasmus + ne Spanje<\/a><\/strong><\/p>\n\n\n\n<p class=\"has-text-align-left\">Hapet thirrja p\u00ebr pjes\u00ebmarrje staf administativ&nbsp;n\u00eb Programin Erasmus + &nbsp;me Shkoll\u00ebn Superiore t\u00eb Konservimit dhe Restaurimit t\u00eb Veprave Kulturore, Madrid.&nbsp;                     &nbsp;&nbsp;<strong><a href=\"https:\/\/uogj.edu.al\/upload\/Thirrje%20Spanje%203%20staf%2024.10.2022.pdf\">Thirrja Erasmus + ne Spanje<\/a><\/strong><\/p>\n\n\n\n<p class=\"has-text-align-center\">Hapet thirrja p\u00ebr pjes\u00ebmarrje student n\u00eb Programin Erasmus + &nbsp;me Universitetin e IES Ribeira Do Luoro te Spanjes:&nbsp;&nbsp;&nbsp;&nbsp;&nbsp;&nbsp;&nbsp;&nbsp;&nbsp;&nbsp;&nbsp;&nbsp;&nbsp;&nbsp;&nbsp;&nbsp;&nbsp;&nbsp;&nbsp; &nbsp;&nbsp;<strong><a href=\"http:\/\/uogj.edu.al\/upload\/Thirrje%20tudente%20SPANJE.pdf\">Thirrja Erasmus + ne Spanje<\/a><\/strong><\/p>\n\n\n\n<p>                Hapet thirrja p\u00ebr pjes\u00ebmarrje n\u00eb Programin Erasmus + &nbsp;me Universitetin e Perugia-s.Itali:<\/p>\n\n\n\n<p class=\"has-text-align-center\">                                           <strong><a rel=\"noreferrer noopener\" href=\"https:\/\/uogj.edu.al\/upload\/Thirrje%20Erasmus%20+%20Perugia.pdf\" target=\"_blank\">Thirrja Erasmus + ne Perugia<\/a><\/strong><\/p>\n\n\n\n<p>                  Hapet thirrja p\u00ebr pjes\u00ebmarrje n\u00eb Programin Erasmus+ me Universitetin e Kret\u00ebs<\/p>\n\n\n\n<p class=\"has-text-align-center\"><strong>&nbsp;&nbsp; <a href=\"https:\/\/uogj.edu.al\/upload\/Mobility%20Krete.pdf\"><strong>Thirrja Erasmus + ne Kret\u00eb<\/strong><\/a><\/strong>&nbsp;<\/p>\n\n\n\n<p class=\"has-text-align-center\">  Hapet thirrja p\u00ebr pjes\u00ebmarrje staf administativ&nbsp;n\u00eb Programin Erasmus + &nbsp;me Universitetin e IES Ribeira Do Luoro te Spanjes:&nbsp;&nbsp;&nbsp;&nbsp;&nbsp;&nbsp;&nbsp;&nbsp;&nbsp;&nbsp;&nbsp;&nbsp;&nbsp;&nbsp;&nbsp;&nbsp;&nbsp;&nbsp;&nbsp; &nbsp;&nbsp;<strong><a href=\"http:\/\/uogj.edu.al\/upload\/Thirrje%20Spanje%202%20staf%202022.pdf\">Thirrja Erasmus + ne Spanje<\/a><\/strong><\/p>\n\n\n\n<p class=\"has-text-align-center\"> Hapet thirrja p\u00ebr pjes\u00ebmarrje staf administativ&nbsp;n\u00eb Programin Erasmus + &nbsp;me Universitetin e IES Ribeira Do Luoro te Spanjes:&nbsp;&nbsp;&nbsp;&nbsp;&nbsp;&nbsp;&nbsp;&nbsp;&nbsp;&nbsp;&nbsp;&nbsp;&nbsp;&nbsp;&nbsp;&nbsp;&nbsp;&nbsp;&nbsp; &nbsp;&nbsp;<strong><a rel=\"noreferrer noopener\" href=\"http:\/\/uogj.edu.al\/upload\/Thirrje Spanje 3 staf 2022.pdf\" data-type=\"URL\" data-id=\"http:\/\/uogj.edu.al\/upload\/Thirrje Spanje 3 staf 2022.pdf\" target=\"_blank\">Thirrja Erasmus + ne Spanje<\/a><\/strong><\/p>\n\n\n\n<p class=\"has-text-align-center\">          Hapet thirrja p\u00ebr pjes\u00ebmarrje&nbsp;n\u00eb Programin Erasmus + &nbsp;me Universitetin e Ma\u00e7erat\u00ebs, Itali:&nbsp;&nbsp;&nbsp;&nbsp;&nbsp;&nbsp;&nbsp;&nbsp;&nbsp;&nbsp;&nbsp;&nbsp;&nbsp;&nbsp;&nbsp;&nbsp;&nbsp;&nbsp;&nbsp; &nbsp;&nbsp;&nbsp;&nbsp;&nbsp;&nbsp;&nbsp;&nbsp;&nbsp;&nbsp;&nbsp;&nbsp;&nbsp;&nbsp;&nbsp;&nbsp;&nbsp; &nbsp;&nbsp;&nbsp;&nbsp;&nbsp;&nbsp;&nbsp;&nbsp;&nbsp;&nbsp;&nbsp;&nbsp;&nbsp;&nbsp;&nbsp;&nbsp;&nbsp;&nbsp;&nbsp;&nbsp;&nbsp;&nbsp;&nbsp; &nbsp;&nbsp; <a rel=\"noreferrer noopener\" href=\"http:\/\/uogj.edu.al\/upload\/Thirrje%20Macerata%202022.pdf\" target=\"_blank\"><strong>Thirrja Erasmus + ne Itali<\/strong><\/a><\/p>\n\n\n\n<p class=\"has-text-align-center\">Hapet thirrja p\u00ebr pjes\u00ebmarrje staf &nbsp;n\u00eb Programin Erasmus + &nbsp;me Universitetin e IES Ribeira Do Luoro te Spanjes:&nbsp;&nbsp;&nbsp;&nbsp;&nbsp;&nbsp;&nbsp;&nbsp;&nbsp;&nbsp;&nbsp;&nbsp;&nbsp;&nbsp;&nbsp;&nbsp;&nbsp;&nbsp;&nbsp; &nbsp;&nbsp;<a rel=\"noreferrer noopener\" href=\"http:\/\/uogj.edu.al\/upload\/Thirrje%20SPANJE%20Staf%202022.pdf\" target=\"_blank\"><strong>Thirrja Erasmus + ne Spanje<\/strong><\/a><\/p>\n\n\n\n<p class=\"has-text-align-center\">Hapet thirrja p\u00ebr pjes\u00ebmarrje sudent &nbsp;n\u00eb Programin Erasmus + &nbsp;me Universitetin e IES Ribeira Do Luoro te Spanjes:&nbsp;&nbsp;&nbsp;&nbsp;&nbsp;&nbsp;&nbsp;&nbsp;&nbsp;&nbsp;&nbsp;&nbsp;&nbsp;&nbsp;&nbsp;&nbsp; &nbsp;&nbsp;<a rel=\"noreferrer noopener\" href=\"http:\/\/uogj.edu.al\/upload\/Thirrje%20spanje%20student%202022.pdf\" target=\"_blank\"><strong>Thirrja Erasmus + ne Spanje<\/strong><\/a><\/p>\n\n\n\n<p>        Hapet thirrja p\u00ebr pjes\u00ebmarrje n\u00eb Programin Erasmus + &nbsp;me Universitetin e Janines:<\/p>\n\n\n\n<p class=\"has-text-align-center\"><a href=\"http:\/\/uogj.edu.al\/upload\/Thirrje%20Ioannina.pdf\"><strong>Thirrja Erasmus + ne Janine<\/strong><\/a><\/p>\n\n\n\n<p>        Hapet thirrja p\u00ebr pjes\u00ebmarrje n\u00eb Programin Erasmus + &nbsp;me Universitetin e Molises Itali:<\/p>\n\n\n\n<p class=\"has-text-align-center\"><a href=\"http:\/\/uogj.edu.al\/upload\/Thirrje%20Molise%202021.pdf\" target=\"_blank\" rel=\"noreferrer noopener\"><strong>Thirrja Erasmus + ne Itali<\/strong><\/a><\/p>\n\n\n\n<p>Hapet thirrja p\u00ebr pjes\u00ebmarrje n\u00eb Programin Erasmus + me Universitetin Mesdhetar Grek te Kretes:<\/p>\n\n\n\n<p class=\"has-text-align-center\"><a rel=\"noreferrer noopener\" href=\"http:\/\/uogj.edu.al\/upload\/fotogaleri\/thirrja%20erasmus%20me%20univ%20kretes%2014shtator21.pdf\" target=\"_blank\"><strong>Thirrja Erasmus +  ne Krete<\/strong><\/a><\/p>\n\n\n\n<p>Hapet thirrja p\u00ebr pjes\u00ebmarrje n\u00eb Programin Erasmus + me Universitetin AristotleSelanik Greqi:<\/p>\n\n\n\n<p class=\"has-text-align-center\"><a target=\"_blank\" href=\"http:\/\/uogj.edu.al\/upload\/Thirrja%20Erasmus%20Selanik%202020.pdf\" rel=\"noopener\"><strong>Thirrja Erasmus Selanik<\/strong><\/a><\/p>\n\n\n\n<p>Thirrja per pjesmarrje ne Programin Mevlana me Universitetin e Trakise&nbsp; (Edrene) Turqi.<\/p>\n\n\n\n<p><a target=\"_blank\" href=\"http:\/\/www.uogj.edu.al\/wp-content\/uploads\/Test\/upload\/Programi%20Mevlana%20%20Universiteti%20%20Trakise%20Ederne%20Turqi.pdf\" rel=\"noopener\"><strong>Programi Mevlana&nbsp;&nbsp;Universiteti&nbsp;&nbsp;Trakise Ederne Turqi<\/strong><\/a><\/p>\n\n\n\n<p><a target=\"_blank\" href=\"http:\/\/www.uogj.edu.al\/wp-content\/uploads\/Test\/upload\/Program%20erasmus%20Universiteti%20Maqedoni%20perendimore%20Kozani%20Greqi.pdf\" rel=\"noopener\"><strong>Thirrja per pjesmarrje ne Programin Erasmus + me Universitetin e Maqedonise perendimore Kozani Greqi<\/strong><\/a><\/p>\n\n\n\n<p>Thirrja per pjesmarrje ne programin&nbsp; Erasmus CALL Internship Rebeira Do&nbsp; Louro Spain:<\/p>\n\n\n\n<p><a target=\"_blank\" href=\"http:\/\/www.uogj.edu.al\/wp-content\/uploads\/Test\/upload\/Erasmus%20CALL%20Internship%20Rebeira%20Do%20%20Louro%20Spain.pdf\" rel=\"noopener\"><strong>Erasmus CALL Internship Rebeira Do&nbsp; Louro Spain<\/strong><\/a><\/p>\n\n\n\n<p>Thirrja per pjesmarrje ne programin Erasmus + me Universitetin e Qipros:<br><br> <a href=\"http:\/\/www.uogj.edu.al\/uploads\/file\/Erasmus+%20njoftim%20Universiteti%20i%20Qipros.pdf\"><strong>T<\/strong><\/a><a href=\"http:\/\/www.uogj.edu.al\/wp-content\/uploads\/Test\/upload\/Erasmus+%20njoftim%20Universiteti%20i%20Qipros.pdf\" target=\"_blank\" rel=\"noreferrer noopener\"><strong>hirrja per pjesmarrje ne programin Erasmus +<\/strong><\/a><\/p>\n\n\n\n<p>&nbsp;<a target=\"_blank\" href=\"http:\/\/www.uogj.edu.al\/wp-content\/uploads\/Test\/upload\/Cyprus%20University%20Erasmus+%20Open%20Call.pdf\" rel=\"noopener\"><strong>Open Call for participation in Erasmus + Program with University of Cyprus<\/strong><\/a><\/p>\n\n\n\n<p>Rihapet&nbsp;&nbsp;dt.01.09.2016 thirrja per pjesmarrje ne programin Erasmus + me Universitetin e Qipros.<\/p>\n\n\n\n<p><a target=\"_blank\" href=\"http:\/\/www.uogj.edu.al\/uploads\/file\/Erasmus+%20njoftimi%20Universiteti%20i%20Qipros.pdf\" rel=\"noopener\"><strong>Thirrje&nbsp;&nbsp;per pjesmarrje ne programin Erasmus +<\/strong><\/a><\/p>\n\n\n\n<p><a target=\"_blank\" href=\"http:\/\/www.uogj.edu.al\/uploads\/file\/Open%20Call%20-Cyprus%20University%20.pdf\" rel=\"noopener\"><strong>Open Call for participation in Erasmus + Program with University of Cyprus<\/strong><\/a><\/p>\n\n\n\n<p><a target=\"_blank\" href=\"https:\/\/uogjedu-my.sharepoint.com\/:b:\/g\/personal\/dmiho_uogj_edu_al\/EcPd6dtdjXxIvdPTDIOhYs8BxAzOMSWj9RpzHoIC9-SDNA?e=GBq84t\" rel=\"noopener\"><strong>Marreveshjet e Universitetit te Gjirokastres me KA+1<\/strong><\/a><\/p>\n","protected":false},"excerpt":{"rendered":"<p>Erasmus Chater for Higher Education Rreth programit Erasmus + Erasmus+ \u00ebsht\u00eb nj\u00eb program i Bashkimit Evropian (BE) q\u00eb mb\u00ebshtet financiarisht [&hellip;]<\/p>\n","protected":false},"author":1,"featured_media":0,"parent":0,"menu_order":0,"comment_status":"closed","ping_status":"closed","template":"","meta":{"_monsterinsights_skip_tracking":false,"_monsterinsights_sitenote_active":false,"_monsterinsights_sitenote_note":"","_monsterinsights_sitenote_category":0,"footnotes":""},"class_list":["post-3722","page","type-page","status-publish","hentry"],"_links":{"self":[{"href":"http:\/\/uogj.edu.al\/old\/wp-json\/wp\/v2\/pages\/3722"}],"collection":[{"href":"http:\/\/uogj.edu.al\/old\/wp-json\/wp\/v2\/pages"}],"about":[{"href":"http:\/\/uogj.edu.al\/old\/wp-json\/wp\/v2\/types\/page"}],"author":[{"embeddable":true,"href":"http:\/\/uogj.edu.al\/old\/wp-json\/wp\/v2\/users\/1"}],"replies":[{"embeddable":true,"href":"http:\/\/uogj.edu.al\/old\/wp-json\/wp\/v2\/comments?post=3722"}],"version-history":[{"count":55,"href":"http:\/\/uogj.edu.al\/old\/wp-json\/wp\/v2\/pages\/3722\/revisions"}],"predecessor-version":[{"id":6737,"href":"http:\/\/uogj.edu.al\/old\/wp-json\/wp\/v2\/pages\/3722\/revisions\/6737"}],"wp:attachment":[{"href":"http:\/\/uogj.edu.al\/old\/wp-json\/wp\/v2\/media?parent=3722"}],"curies":[{"name":"wp","href":"https:\/\/api.w.org\/{rel}","templated":true}]}}